{"id":1851,"date":"2023-07-18T16:39:36","date_gmt":"2023-07-18T14:39:36","guid":{"rendered":"https:\/\/llarscompartides.org\/?page_id=1851"},"modified":"2024-05-22T18:31:56","modified_gmt":"2024-05-22T16:31:56","slug":"aviso-legal","status":"publish","type":"page","link":"https:\/\/llarscompartides.org\/es\/aviso-legal\/","title":{"rendered":"Aviso Legal"},"content":{"rendered":"\t\t<div data-elementor-type=\"wp-page\" data-elementor-id=\"1851\" class=\"elementor elementor-1851\" data-elementor-post-type=\"page\">\n\t\t\t\t\t\t<section style=\"background-image: url(https:\/\/llarscompartides.org\/wp-content\/uploads\/2023\/07\/home-slider-doble_color-scaled.jpg);\" class=\"parallax_section_holder elementor-section elementor-top-section elementor-element elementor-element-3ba3f41 elementor-section-full_width parallax_section_holder elementor-section-height-default elementor-section-height-default qode_elementor_container_no\" data-speed=\"0\" data-id=\"3ba3f41\" data-element_type=\"section\" data-e-type=\"section\" data-settings=\"{&quot;background_background&quot;:&quot;classic&quot;,&quot;qode_parallax_image&quot;:{&quot;url&quot;:&quot;https:\\\/\\\/llarscompartides.org\\\/wp-content\\\/uploads\\\/2023\\\/07\\\/home-slider-doble_color-scaled.jpg&quot;,&quot;id&quot;:1538,&quot;size&quot;:&quot;&quot;,&quot;alt&quot;:&quot;&quot;,&quot;source&quot;:&quot;library&quot;}}\">\n\t\t\t\t\t\t<div class=\"elementor-container elementor-column-gap-default\">\n\t\t\t\t\t<div class=\"elementor-column elementor-col-33 elementor-top-column elementor-element elementor-element-2f95159\" data-id=\"2f95159\" data-element_type=\"column\" data-e-type=\"column\" data-settings=\"{&quot;background_background&quot;:&quot;slideshow&quot;,&quot;background_slideshow_gallery&quot;:[],&quot;background_slideshow_loop&quot;:&quot;yes&quot;,&quot;background_slideshow_slide_duration&quot;:5000,&quot;background_slideshow_slide_transition&quot;:&quot;fade&quot;,&quot;background_slideshow_transition_duration&quot;:500}\">\n\t\t\t<div class=\"elementor-widget-wrap elementor-element-populated\">\n\t\t\t\t\t\t<div class=\"elementor-element elementor-element-0f839a3 elementor-widget elementor-widget-spacer\" data-id=\"0f839a3\" data-element_type=\"widget\" data-e-type=\"widget\" data-widget_type=\"spacer.default\">\n\t\t\t\t<div class=\"elementor-widget-container\">\n\t\t\t\t\t\t\t<div class=\"elementor-spacer\">\n\t\t\t<div class=\"elementor-spacer-inner\"><\/div>\n\t\t<\/div>\n\t\t\t\t\t\t<\/div>\n\t\t\t\t<\/div>\n\t\t\t\t\t<\/div>\n\t\t<\/div>\n\t\t\t\t<div class=\"elementor-column elementor-col-33 elementor-top-column elementor-element elementor-element-3700d82 elementor-hidden-tablet elementor-hidden-mobile\" data-id=\"3700d82\" data-element_type=\"column\" data-e-type=\"column\">\n\t\t\t<div class=\"elementor-widget-wrap\">\n\t\t\t\t\t\t\t<\/div>\n\t\t<\/div>\n\t\t\t\t<div class=\"elementor-column elementor-col-33 elementor-top-column elementor-element elementor-element-21ef263 elementor-hidden-tablet elementor-hidden-mobile\" data-id=\"21ef263\" data-element_type=\"column\" data-e-type=\"column\">\n\t\t\t<div class=\"elementor-widget-wrap\">\n\t\t\t\t\t\t\t<\/div>\n\t\t<\/div>\n\t\t\t\t\t<\/div>\n\t\t<\/section>\n\t\t\t\t<section class=\"elementor-section elementor-top-section elementor-element elementor-element-3b34630 elementor-section-full_width qode_elementor_container_inner elementor-section-height-default elementor-section-height-default parallax_section_no\" data-id=\"3b34630\" data-element_type=\"section\" data-e-type=\"section\">\n\t\t\t\t\t\t<div class=\"elementor-container elementor-column-gap-no\">\n\t\t\t\t\t<div class=\"elementor-column elementor-col-100 elementor-top-column elementor-element elementor-element-aca1103\" data-id=\"aca1103\" data-element_type=\"column\" data-e-type=\"column\">\n\t\t\t<div class=\"elementor-widget-wrap elementor-element-populated\">\n\t\t\t\t\t\t<div class=\"elementor-element elementor-element-1f84771 elementor-widget elementor-widget-bridge_custom_font\" data-id=\"1f84771\" data-element_type=\"widget\" data-e-type=\"widget\" data-widget_type=\"bridge_custom_font.default\">\n\t\t\t\t<div class=\"elementor-widget-container\">\n\t\t\t\t\t<div class=\"custom_font_holder \" style=\"font-family: prata; font-style: normal; font-weight: 500; color: #DE811C; text-decoration: none; text-align: center; --qode-cf-font-size: 22px; --qode-cf-line-height: 26px; --qode-cf-font-size-1440: 22px; --qode-cf-line-height-1440: 26px; --qode-cf-font-size-1366: 22px; --qode-cf-line-height-1366: 26px; --qode-cf-font-size-1280: 22px; --qode-cf-line-height-1280: 26px; --qode-cf-font-size-1024: 22px; --qode-cf-line-height-1024: 26px; --qode-cf-font-size-768: 22px; --qode-cf-line-height-768: 26px; --qode-cf-font-size-680: 22px; --qode-cf-line-height-680: 26px; --qode-cf-font-size-480: 22px; --qode-cf-line-height-480: 26px;\">Llars Compartides<\/div>\t\t\t\t<\/div>\n\t\t\t\t<\/div>\n\t\t\t\t<div class=\"elementor-element elementor-element-9275a24 elementor-widget__width-initial elementor-widget elementor-widget-heading\" data-id=\"9275a24\" data-element_type=\"widget\" data-e-type=\"widget\" data-widget_type=\"heading.default\">\n\t\t\t\t<div class=\"elementor-widget-container\">\n\t\t\t\t\t<h2 class=\"elementor-heading-title elementor-size-default\">Aviso legal<\/h2>\t\t\t\t<\/div>\n\t\t\t\t<\/div>\n\t\t\t\t\t<\/div>\n\t\t<\/div>\n\t\t\t\t\t<\/div>\n\t\t<\/section>\n\t\t\t\t<section class=\"elementor-section elementor-top-section elementor-element elementor-element-7945192a elementor-section-boxed elementor-section-height-default elementor-section-height-default parallax_section_no qode_elementor_container_no\" data-id=\"7945192a\" data-element_type=\"section\" data-e-type=\"section\">\n\t\t\t\t\t\t<div class=\"elementor-container elementor-column-gap-default\">\n\t\t\t\t\t<div class=\"elementor-column elementor-col-100 elementor-top-column elementor-element elementor-element-55934021\" data-id=\"55934021\" data-element_type=\"column\" data-e-type=\"column\">\n\t\t\t<div class=\"elementor-widget-wrap elementor-element-populated\">\n\t\t\t\t\t\t<div class=\"elementor-element elementor-element-695d73 elementor-widget elementor-widget-text-editor\" data-id=\"695d73\" data-element_type=\"widget\" data-e-type=\"widget\" data-widget_type=\"text-editor.default\">\n\t\t\t\t<div class=\"elementor-widget-container\">\n\t\t\t\t\t\t\t\t\t<p class=\"p1\">En cumplimiento de la Ley 34\/2002, con \u00faltima actualizaci\u00f3n, 09\/05\/2023, de servicios de la sociedad de la informaci\u00f3n y de comercio electr\u00f3nico, <b>FUNDACION PRIVADA LLARS COMPARTIDES,<\/b> le informa que es titular de los sitios web: <a href=\"http:\/\/www.llarscompartides.org\/\"><span class=\"s1\"><b>www.llarscompartides.org<\/b><\/span><\/a><b>. \u00a0\u00a0<\/b>De acuerdo con la exigencia del art\u00edculo 10 de la mencionada Ley, notifica los siguientes datos: NIF\/CIF: <b>G63352371, <\/b>Registro Mercantil de <b>BARCELONA, <\/b>y domicilio social: <b>TRAVESSERA DE LES CORTS 39-43 2DO. 08028, BARCELONA (BARCELONA)<\/b>. La direcci\u00f3n de correo electr\u00f3nico de contacto es: <span class=\"s1\"><b>comunicacio@llarscompartides.org<\/b><\/span>. \u00a0\u00a0<\/p><p>\u00a0<\/p><p>\u00a0<\/p><h5 class=\"p1\">1.\u00a0<span class=\"s1\">USUARIO Y R\u00c9GIMEN DE RESPONSABILIDADES<\/span><\/h5><p class=\"p2\">\u00a0<\/p><p class=\"p1\">La navegaci\u00f3n por acceso o uso de la p\u00e1gina web\u00a0 y todos los subdominios y directorios incluidos bajo el mismo dominio, as\u00ed como los servicios o contenidos que a trav\u00e9s de \u00e9l se puedan obtener y todos los portales de dominio propio bajo titularidad de <b>FUNDACION PRIVADA LLARS COMPARTIDES<\/b>, otorga la condici\u00f3n de <b>Usuario<\/b>, por la que se aceptan, al navegar por la p\u00e1gina web de <b>FUNDACION PRIVADA LLARS COMPARTIDES<\/b>, todas las condiciones de uso que se establecen sin perjudicar la aplicaci\u00f3n de la correspondiente normativa de obligado cumplimiento legal seg\u00fan el caso.<\/p><p class=\"p1\">\u00a0<\/p><p class=\"p1\">Por eso, si las consideraciones detalladas en este aviso legal no son de su conformidad, rogamos no haga uso del portal, ya que cualquier uso que haga del mismo o los servicios y contenidos en \u00e9l incluidos implicar\u00e1 la aceptaci\u00f3n de los t\u00e9rminos legales recogidos en este texto.<\/p><p class=\"p1\">La p\u00e1gina web de <b>FUNDACION PRIVADA LLARS COMPARTIDES,<\/b> proporciona gran diversidad de informaci\u00f3n, servicios y datos. El usuario asume su responsabilidad en el uso correcto de los sitios web. Esta responsabilidad se extender\u00e1 a: La veracidad y licitud de las informaciones aportadas por el usuario en los formularios de registro y contacto de <b>FUNDACION PRIVADA LLARS COMPARTIDES,<\/b> para acceder a determinados contenidos o servicios ofrecidos por la web.<\/p><p class=\"p1\">El uso de la informaci\u00f3n, servicios y datos ofrecidos por, <b>FUNDACION PRIVADA LLARS COMPARTIDES <\/b>no ir\u00e1n contra las disposiciones de estas cl\u00e1usulas, la Ley, la moral, las buenas costumbres o el orden p\u00fablico que puedan suponer lesi\u00f3n de los derechos de terceros o del funcionamiento de los sitios web. A tal efecto, el Usuario se abstendr\u00e1 de utilizar cualquiera de los contenidos con fines il\u00edcitos y \u00a0prohibidos en este texto, lesivos de los derechos e intereses de terceros, o que de cualquier forma puedan da\u00f1ar, inutilizar, sobrecargar, deteriorar o impedir la normal utilizaci\u00f3n de los contenidos, de otros Usuarios o de cualquier usuario de Internet (hardware y software).<\/p><p class=\"p1\">Los usuarios responder\u00e1n de los da\u00f1os y perjuicios de toda naturaleza que la entidad propietaria de la web pueda sufrir, directa o indirectamente, como consecuencia de incumplimiento de cualquiera de las obligaciones derivadas del uso de la Web y de esta pol\u00edtica de privacidad.<\/p><p class=\"p1\">En particular, y a t\u00edtulo meramente indicativo y no exhaustivo, el Usuario se compromete a no transmitir, difundir o poner a disposici\u00f3n de terceros informaciones, datos, contenidos, mensajes, gr\u00e1ficos, dibujos, archivos de sonido y\/o imagen, fotograf\u00edas de esta web.<\/p><p>\u00a0<\/p><p>\u00a0<\/p><h5>2. ACCESO A RESE\u00d1AS DE USUARIOS:<\/h5><p><br \/>Por el Real Decreto Legislativo-24\/2021, de 2 de noviembre, que modifica el texto refundido de la Ley general por la defensa de los Consumidores y Usuarios, aprobado por el Real Decreto Legislativo 1\/2007.<br \/>\u2003<\/p><p>Art\u00edculo 20.4, las pr\u00e1cticas comerciales en las que un empresario web facilite el acceso a las rese\u00f1as de los consumidores y usuarios sobre bienes y servicios, tendr\u00e1n que incluir informaci\u00f3n sobre el hecho de que el empresario garantice o no que estas rese\u00f1as publicadas han sido efectuadas por parte de consumidores y usuarios que han utilizado o adquirido realmente el bien o servicio. A tales efectos, el empresario deber\u00e1 facilitar informaci\u00f3n clara a los consumidores y usuarios sobre la forma en que se procesan las rese\u00f1as.<br \/>Los USUARIOS tienen acceso a escribir rese\u00f1as de la actividad y servicio de esta web mediante un formulario expl\u00edcito para ello, y con la aceptaci\u00f3n de esta Pol\u00edtica de Privacidad aceptan compartir sus datos e imagen personal.<br \/>El contenido publicado, junto con su nombre y foto de perfil, tambi\u00e9n puede aparecer en sitios web de terceros que utilicen widgets insertables de Google o API de Google Maps Platform y otros.<br \/>Si no quieres compartir tu experiencia, im\u00e1genes, v\u00eddeos ni tu ubicaci\u00f3n, no utilices este servicio para publicar contenidos.<\/p>\t\t\t\t\t\t\t\t<\/div>\n\t\t\t\t<\/div>\n\t\t\t\t<div class=\"elementor-element elementor-element-82de2fd elementor-widget elementor-widget-image\" data-id=\"82de2fd\" data-element_type=\"widget\" data-e-type=\"widget\" data-widget_type=\"image.default\">\n\t\t\t\t<div class=\"elementor-widget-container\">\n\t\t\t\t\t\t\t\t\t\t\t\t\t\t\t<img decoding=\"async\" width=\"128\" height=\"128\" src=\"https:\/\/llarscompartides.org\/wp-content\/uploads\/2024\/05\/12-sello_lssi.png\" class=\"attachment-large size-large wp-image-2568\" alt=\"\" \/>\t\t\t\t\t\t\t\t\t\t\t\t\t\t\t<\/div>\n\t\t\t\t<\/div>\n\t\t\t\t\t<\/div>\n\t\t<\/div>\n\t\t\t\t\t<\/div>\n\t\t<\/section>\n\t\t\t\t<\/div>\n\t\t","protected":false},"excerpt":{"rendered":"<p>Llars Compartides Aviso legal En cumplimiento de la Ley 34\/2002, con \u00faltima actualizaci\u00f3n, 09\/05\/2023, de servicios de la sociedad de la informaci\u00f3n y de comercio electr\u00f3nico, FUNDACION PRIVADA LLARS COMPARTIDES, le informa que es titular de los sitios web: www.llarscompartides.org. \u00a0\u00a0De acuerdo con la exigencia&#8230;<\/p>\n","protected":false},"author":3,"featured_media":0,"parent":0,"menu_order":9,"comment_status":"closed","ping_status":"closed","template":"elementor_header_footer","meta":{"footnotes":""},"class_list":["post-1851","page","type-page","status-publish","hentry"],"yoast_head":"<!-- This site is optimized with the Yoast SEO plugin v27.5 - https:\/\/yoast.com\/product\/yoast-seo-wordpress\/ -->\n<title>Aviso Legal - FLLC<\/title>\n<meta name=\"robots\" content=\"index, follow, max-snippet:-1, max-image-preview:large, max-video-preview:-1\" \/>\n<link rel=\"canonical\" href=\"https:\/\/llarscompartides.org\/es\/aviso-legal\/\" \/>\n<meta property=\"og:locale\" content=\"es_ES\" \/>\n<meta property=\"og:type\" content=\"article\" \/>\n<meta property=\"og:title\" content=\"Aviso Legal - FLLC\" \/>\n<meta property=\"og:description\" content=\"Llars Compartides Aviso legal En cumplimiento de la Ley 34\/2002, con \u00faltima actualizaci\u00f3n, 09\/05\/2023, de servicios de la sociedad de la informaci\u00f3n y de comercio electr\u00f3nico, FUNDACION PRIVADA LLARS COMPARTIDES, le informa que es titular de los sitios web: www.llarscompartides.org. \u00a0\u00a0De acuerdo con la exigencia...\" \/>\n<meta property=\"og:url\" content=\"https:\/\/llarscompartides.org\/es\/aviso-legal\/\" \/>\n<meta property=\"og:site_name\" content=\"FLLC\" \/>\n<meta property=\"article:modified_time\" content=\"2024-05-22T16:31:56+00:00\" \/>\n<meta property=\"og:image\" content=\"https:\/\/llarscompartides.org\/wp-content\/uploads\/2024\/05\/12-sello_lssi.png\" \/>\n<meta name=\"twitter:card\" content=\"summary_large_image\" \/>\n<meta name=\"twitter:site\" content=\"@LlarsCompartids\" \/>\n<meta name=\"twitter:label1\" content=\"Tiempo de lectura\" \/>\n\t<meta name=\"twitter:data1\" content=\"4 minutos\" \/>\n<script type=\"application\/ld+json\" class=\"yoast-schema-graph\">{\"@context\":\"https:\\\/\\\/schema.org\",\"@graph\":[{\"@type\":\"WebPage\",\"@id\":\"https:\\\/\\\/llarscompartides.org\\\/es\\\/aviso-legal\\\/\",\"url\":\"https:\\\/\\\/llarscompartides.org\\\/es\\\/aviso-legal\\\/\",\"name\":\"Aviso Legal - FLLC\",\"isPartOf\":{\"@id\":\"https:\\\/\\\/llarscompartides.org\\\/es\\\/#website\"},\"primaryImageOfPage\":{\"@id\":\"https:\\\/\\\/llarscompartides.org\\\/es\\\/aviso-legal\\\/#primaryimage\"},\"image\":{\"@id\":\"https:\\\/\\\/llarscompartides.org\\\/es\\\/aviso-legal\\\/#primaryimage\"},\"thumbnailUrl\":\"https:\\\/\\\/llarscompartides.org\\\/wp-content\\\/uploads\\\/2024\\\/05\\\/12-sello_lssi.png\",\"datePublished\":\"2023-07-18T14:39:36+00:00\",\"dateModified\":\"2024-05-22T16:31:56+00:00\",\"breadcrumb\":{\"@id\":\"https:\\\/\\\/llarscompartides.org\\\/es\\\/aviso-legal\\\/#breadcrumb\"},\"inLanguage\":\"es\",\"potentialAction\":[{\"@type\":\"ReadAction\",\"target\":[\"https:\\\/\\\/llarscompartides.org\\\/es\\\/aviso-legal\\\/\"]}]},{\"@type\":\"ImageObject\",\"inLanguage\":\"es\",\"@id\":\"https:\\\/\\\/llarscompartides.org\\\/es\\\/aviso-legal\\\/#primaryimage\",\"url\":\"https:\\\/\\\/llarscompartides.org\\\/wp-content\\\/uploads\\\/2024\\\/05\\\/12-sello_lssi.png\",\"contentUrl\":\"https:\\\/\\\/llarscompartides.org\\\/wp-content\\\/uploads\\\/2024\\\/05\\\/12-sello_lssi.png\"},{\"@type\":\"BreadcrumbList\",\"@id\":\"https:\\\/\\\/llarscompartides.org\\\/es\\\/aviso-legal\\\/#breadcrumb\",\"itemListElement\":[{\"@type\":\"ListItem\",\"position\":1,\"name\":\"Home\",\"item\":\"https:\\\/\\\/llarscompartides.org\\\/es\\\/inicio-nueva\\\/\"},{\"@type\":\"ListItem\",\"position\":2,\"name\":\"Aviso Legal\"}]},{\"@type\":\"WebSite\",\"@id\":\"https:\\\/\\\/llarscompartides.org\\\/es\\\/#website\",\"url\":\"https:\\\/\\\/llarscompartides.org\\\/es\\\/\",\"name\":\"llarscompartides.com\",\"description\":\"Fundaci\u00f3 llars compartides\",\"publisher\":{\"@id\":\"https:\\\/\\\/llarscompartides.org\\\/es\\\/#organization\"},\"potentialAction\":[{\"@type\":\"SearchAction\",\"target\":{\"@type\":\"EntryPoint\",\"urlTemplate\":\"https:\\\/\\\/llarscompartides.org\\\/es\\\/?s={search_term_string}\"},\"query-input\":{\"@type\":\"PropertyValueSpecification\",\"valueRequired\":true,\"valueName\":\"search_term_string\"}}],\"inLanguage\":\"es\"},{\"@type\":\"Organization\",\"@id\":\"https:\\\/\\\/llarscompartides.org\\\/es\\\/#organization\",\"name\":\"Fundaci\u00f3 Llars Compartides\",\"url\":\"https:\\\/\\\/llarscompartides.org\\\/es\\\/\",\"logo\":{\"@type\":\"ImageObject\",\"inLanguage\":\"es\",\"@id\":\"https:\\\/\\\/llarscompartides.org\\\/es\\\/#\\\/schema\\\/logo\\\/image\\\/\",\"url\":\"https:\\\/\\\/llarscompartides.org\\\/wp-content\\\/uploads\\\/2023\\\/06\\\/logo-llars-compartides-001.jpg\",\"contentUrl\":\"https:\\\/\\\/llarscompartides.org\\\/wp-content\\\/uploads\\\/2023\\\/06\\\/logo-llars-compartides-001.jpg\",\"width\":1684,\"height\":1191,\"caption\":\"Fundaci\u00f3 Llars Compartides\"},\"image\":{\"@id\":\"https:\\\/\\\/llarscompartides.org\\\/es\\\/#\\\/schema\\\/logo\\\/image\\\/\"},\"sameAs\":[\"https:\\\/\\\/x.com\\\/LlarsCompartids\",\"https:\\\/\\\/www.linkedin.com\\\/in\\\/fundaci-privada-llars-compartides-930216a6\\\/\"]}]}<\/script>\n<!-- \/ Yoast SEO plugin. -->","yoast_head_json":{"title":"Aviso Legal - FLLC","robots":{"index":"index","follow":"follow","max-snippet":"max-snippet:-1","max-image-preview":"max-image-preview:large","max-video-preview":"max-video-preview:-1"},"canonical":"https:\/\/llarscompartides.org\/es\/aviso-legal\/","og_locale":"es_ES","og_type":"article","og_title":"Aviso Legal - FLLC","og_description":"Llars Compartides Aviso legal En cumplimiento de la Ley 34\/2002, con \u00faltima actualizaci\u00f3n, 09\/05\/2023, de servicios de la sociedad de la informaci\u00f3n y de comercio electr\u00f3nico, FUNDACION PRIVADA LLARS COMPARTIDES, le informa que es titular de los sitios web: www.llarscompartides.org. \u00a0\u00a0De acuerdo con la exigencia...","og_url":"https:\/\/llarscompartides.org\/es\/aviso-legal\/","og_site_name":"FLLC","article_modified_time":"2024-05-22T16:31:56+00:00","og_image":[{"url":"https:\/\/llarscompartides.org\/wp-content\/uploads\/2024\/05\/12-sello_lssi.png","type":"","width":"","height":""}],"twitter_card":"summary_large_image","twitter_site":"@LlarsCompartids","twitter_misc":{"Tiempo de lectura":"4 minutos"},"schema":{"@context":"https:\/\/schema.org","@graph":[{"@type":"WebPage","@id":"https:\/\/llarscompartides.org\/es\/aviso-legal\/","url":"https:\/\/llarscompartides.org\/es\/aviso-legal\/","name":"Aviso Legal - FLLC","isPartOf":{"@id":"https:\/\/llarscompartides.org\/es\/#website"},"primaryImageOfPage":{"@id":"https:\/\/llarscompartides.org\/es\/aviso-legal\/#primaryimage"},"image":{"@id":"https:\/\/llarscompartides.org\/es\/aviso-legal\/#primaryimage"},"thumbnailUrl":"https:\/\/llarscompartides.org\/wp-content\/uploads\/2024\/05\/12-sello_lssi.png","datePublished":"2023-07-18T14:39:36+00:00","dateModified":"2024-05-22T16:31:56+00:00","breadcrumb":{"@id":"https:\/\/llarscompartides.org\/es\/aviso-legal\/#breadcrumb"},"inLanguage":"es","potentialAction":[{"@type":"ReadAction","target":["https:\/\/llarscompartides.org\/es\/aviso-legal\/"]}]},{"@type":"ImageObject","inLanguage":"es","@id":"https:\/\/llarscompartides.org\/es\/aviso-legal\/#primaryimage","url":"https:\/\/llarscompartides.org\/wp-content\/uploads\/2024\/05\/12-sello_lssi.png","contentUrl":"https:\/\/llarscompartides.org\/wp-content\/uploads\/2024\/05\/12-sello_lssi.png"},{"@type":"BreadcrumbList","@id":"https:\/\/llarscompartides.org\/es\/aviso-legal\/#breadcrumb","itemListElement":[{"@type":"ListItem","position":1,"name":"Home","item":"https:\/\/llarscompartides.org\/es\/inicio-nueva\/"},{"@type":"ListItem","position":2,"name":"Aviso Legal"}]},{"@type":"WebSite","@id":"https:\/\/llarscompartides.org\/es\/#website","url":"https:\/\/llarscompartides.org\/es\/","name":"llarscompartides.com","description":"Fundaci\u00f3 llars compartides","publisher":{"@id":"https:\/\/llarscompartides.org\/es\/#organization"},"potentialAction":[{"@type":"SearchAction","target":{"@type":"EntryPoint","urlTemplate":"https:\/\/llarscompartides.org\/es\/?s={search_term_string}"},"query-input":{"@type":"PropertyValueSpecification","valueRequired":true,"valueName":"search_term_string"}}],"inLanguage":"es"},{"@type":"Organization","@id":"https:\/\/llarscompartides.org\/es\/#organization","name":"Fundaci\u00f3 Llars Compartides","url":"https:\/\/llarscompartides.org\/es\/","logo":{"@type":"ImageObject","inLanguage":"es","@id":"https:\/\/llarscompartides.org\/es\/#\/schema\/logo\/image\/","url":"https:\/\/llarscompartides.org\/wp-content\/uploads\/2023\/06\/logo-llars-compartides-001.jpg","contentUrl":"https:\/\/llarscompartides.org\/wp-content\/uploads\/2023\/06\/logo-llars-compartides-001.jpg","width":1684,"height":1191,"caption":"Fundaci\u00f3 Llars Compartides"},"image":{"@id":"https:\/\/llarscompartides.org\/es\/#\/schema\/logo\/image\/"},"sameAs":["https:\/\/x.com\/LlarsCompartids","https:\/\/www.linkedin.com\/in\/fundaci-privada-llars-compartides-930216a6\/"]}]}},"_links":{"self":[{"href":"https:\/\/llarscompartides.org\/es\/wp-json\/wp\/v2\/pages\/1851","targetHints":{"allow":["GET"]}}],"collection":[{"href":"https:\/\/llarscompartides.org\/es\/wp-json\/wp\/v2\/pages"}],"about":[{"href":"https:\/\/llarscompartides.org\/es\/wp-json\/wp\/v2\/types\/page"}],"author":[{"embeddable":true,"href":"https:\/\/llarscompartides.org\/es\/wp-json\/wp\/v2\/users\/3"}],"replies":[{"embeddable":true,"href":"https:\/\/llarscompartides.org\/es\/wp-json\/wp\/v2\/comments?post=1851"}],"version-history":[{"count":14,"href":"https:\/\/llarscompartides.org\/es\/wp-json\/wp\/v2\/pages\/1851\/revisions"}],"predecessor-version":[{"id":2603,"href":"https:\/\/llarscompartides.org\/es\/wp-json\/wp\/v2\/pages\/1851\/revisions\/2603"}],"wp:attachment":[{"href":"https:\/\/llarscompartides.org\/es\/wp-json\/wp\/v2\/media?parent=1851"}],"curies":[{"name":"wp","href":"https:\/\/api.w.org\/{rel}","templated":true}]}}