{"id":1807,"date":"2019-09-30T10:46:48","date_gmt":"2019-09-30T08:46:48","guid":{"rendered":"https:\/\/llarscompartides.org\/privacy-policy\/"},"modified":"2025-06-16T11:20:34","modified_gmt":"2025-06-16T09:20:34","slug":"politica-privacitat","status":"publish","type":"page","link":"https:\/\/llarscompartides.org\/es\/politica-privacitat\/","title":{"rendered":"Pol\u00edtica de privacitat"},"content":{"rendered":"\t\t<div data-elementor-type=\"wp-page\" data-elementor-id=\"1807\" class=\"elementor elementor-1807 elementor-578\" data-elementor-post-type=\"page\">\n\t\t\t\t\t\t<section style=\"background-image: url(https:\/\/llarscompartides.org\/wp-content\/uploads\/2023\/07\/home-slider-doble_color-scaled.jpg);\" class=\"parallax_section_holder elementor-section elementor-top-section elementor-element elementor-element-3ba3f41 elementor-section-full_width parallax_section_holder elementor-section-height-default elementor-section-height-default qode_elementor_container_no\" data-speed=\"0\" data-id=\"3ba3f41\" data-element_type=\"section\" data-e-type=\"section\" data-settings=\"{&quot;background_background&quot;:&quot;classic&quot;,&quot;qode_parallax_image&quot;:{&quot;url&quot;:&quot;https:\\\/\\\/llarscompartides.org\\\/wp-content\\\/uploads\\\/2023\\\/07\\\/home-slider-doble_color-scaled.jpg&quot;,&quot;id&quot;:1538,&quot;size&quot;:&quot;&quot;,&quot;alt&quot;:&quot;&quot;,&quot;source&quot;:&quot;library&quot;}}\">\n\t\t\t\t\t\t<div class=\"elementor-container elementor-column-gap-default\">\n\t\t\t\t\t<div class=\"elementor-column elementor-col-33 elementor-top-column elementor-element elementor-element-2f95159\" data-id=\"2f95159\" data-element_type=\"column\" data-e-type=\"column\" data-settings=\"{&quot;background_background&quot;:&quot;slideshow&quot;,&quot;background_slideshow_gallery&quot;:[],&quot;background_slideshow_loop&quot;:&quot;yes&quot;,&quot;background_slideshow_slide_duration&quot;:5000,&quot;background_slideshow_slide_transition&quot;:&quot;fade&quot;,&quot;background_slideshow_transition_duration&quot;:500}\">\n\t\t\t<div class=\"elementor-widget-wrap elementor-element-populated\">\n\t\t\t\t\t\t<div class=\"elementor-element elementor-element-0f839a3 elementor-widget elementor-widget-spacer\" data-id=\"0f839a3\" data-element_type=\"widget\" data-e-type=\"widget\" data-widget_type=\"spacer.default\">\n\t\t\t\t<div class=\"elementor-widget-container\">\n\t\t\t\t\t\t\t<div class=\"elementor-spacer\">\n\t\t\t<div class=\"elementor-spacer-inner\"><\/div>\n\t\t<\/div>\n\t\t\t\t\t\t<\/div>\n\t\t\t\t<\/div>\n\t\t\t\t\t<\/div>\n\t\t<\/div>\n\t\t\t\t<div class=\"elementor-column elementor-col-33 elementor-top-column elementor-element elementor-element-3700d82 elementor-hidden-tablet elementor-hidden-mobile\" data-id=\"3700d82\" data-element_type=\"column\" data-e-type=\"column\">\n\t\t\t<div class=\"elementor-widget-wrap\">\n\t\t\t\t\t\t\t<\/div>\n\t\t<\/div>\n\t\t\t\t<div class=\"elementor-column elementor-col-33 elementor-top-column elementor-element elementor-element-21ef263 elementor-hidden-tablet elementor-hidden-mobile\" data-id=\"21ef263\" data-element_type=\"column\" data-e-type=\"column\">\n\t\t\t<div class=\"elementor-widget-wrap\">\n\t\t\t\t\t\t\t<\/div>\n\t\t<\/div>\n\t\t\t\t\t<\/div>\n\t\t<\/section>\n\t\t\t\t<section class=\"elementor-section elementor-top-section elementor-element elementor-element-3b34630 elementor-section-full_width qode_elementor_container_inner elementor-section-height-default elementor-section-height-default parallax_section_no\" data-id=\"3b34630\" data-element_type=\"section\" data-e-type=\"section\">\n\t\t\t\t\t\t<div class=\"elementor-container elementor-column-gap-no\">\n\t\t\t\t\t<div class=\"elementor-column elementor-col-100 elementor-top-column elementor-element elementor-element-aca1103\" data-id=\"aca1103\" data-element_type=\"column\" data-e-type=\"column\">\n\t\t\t<div class=\"elementor-widget-wrap elementor-element-populated\">\n\t\t\t\t\t\t<div class=\"elementor-element elementor-element-1f84771 elementor-widget elementor-widget-bridge_custom_font\" data-id=\"1f84771\" data-element_type=\"widget\" data-e-type=\"widget\" data-widget_type=\"bridge_custom_font.default\">\n\t\t\t\t<div class=\"elementor-widget-container\">\n\t\t\t\t\t<div class=\"custom_font_holder \" style=\"font-family: prata; font-style: normal; font-weight: 500; color: #DE811C; text-decoration: none; text-align: center; --qode-cf-font-size: 22px; --qode-cf-line-height: 26px; --qode-cf-font-size-1440: 22px; --qode-cf-line-height-1440: 26px; --qode-cf-font-size-1366: 22px; --qode-cf-line-height-1366: 26px; --qode-cf-font-size-1280: 22px; --qode-cf-line-height-1280: 26px; --qode-cf-font-size-1024: 22px; --qode-cf-line-height-1024: 26px; --qode-cf-font-size-768: 22px; --qode-cf-line-height-768: 26px; --qode-cf-font-size-680: 22px; --qode-cf-line-height-680: 26px; --qode-cf-font-size-480: 22px; --qode-cf-line-height-480: 26px;\">Llars Compartides<\/div>\t\t\t\t<\/div>\n\t\t\t\t<\/div>\n\t\t\t\t<div class=\"elementor-element elementor-element-9275a24 elementor-widget__width-initial elementor-widget elementor-widget-heading\" data-id=\"9275a24\" data-element_type=\"widget\" data-e-type=\"widget\" data-widget_type=\"heading.default\">\n\t\t\t\t<div class=\"elementor-widget-container\">\n\t\t\t\t\t<h2 class=\"elementor-heading-title elementor-size-default\">Pol\u00edtica de privacitat<\/h2>\t\t\t\t<\/div>\n\t\t\t\t<\/div>\n\t\t\t\t\t<\/div>\n\t\t<\/div>\n\t\t\t\t\t<\/div>\n\t\t<\/section>\n\t\t\t\t<section class=\"elementor-section elementor-top-section elementor-element elementor-element-7945192a elementor-section-boxed elementor-section-height-default elementor-section-height-default parallax_section_no qode_elementor_container_no\" data-id=\"7945192a\" data-element_type=\"section\" data-e-type=\"section\">\n\t\t\t\t\t\t<div class=\"elementor-container elementor-column-gap-default\">\n\t\t\t\t\t<div class=\"elementor-column elementor-col-100 elementor-top-column elementor-element elementor-element-55934021\" data-id=\"55934021\" data-element_type=\"column\" data-e-type=\"column\">\n\t\t\t<div class=\"elementor-widget-wrap elementor-element-populated\">\n\t\t\t\t\t\t<div class=\"elementor-element elementor-element-695d73 elementor-widget__width-initial elementor-widget elementor-widget-text-editor\" data-id=\"695d73\" data-element_type=\"widget\" data-e-type=\"widget\" data-widget_type=\"text-editor.default\">\n\t\t\t\t<div class=\"elementor-widget-container\">\n\t\t\t\t\t\t\t\t\t<h5 class=\"p1\">1.<span class=\"s1\">POL\u00cdTICA D\u2019ENLLA\u00c7OS I EXEMPCIONS DE RESPONSABILITAT<\/span><\/h5>\n<p class=\"p1\"><b>La p\u00e0gina web s\u2019ha elaborat utilitzant les solucions tecnol\u00f2giques de Google Ireland Limited.<\/b><\/p>\n<p class=\"p1\"><b>FUNDACION PRIVADA LLARS COMPARTIDES<\/b> no es fa responsable del contingut de les p\u00e0gines web a les quals pugui accedir l\u2019<b>Usuari<\/b> a trav\u00e9s dels enlla\u00e7os establerts als seus llocs web i declara que en cap cas examinar\u00e0 ni exercir\u00e0 cap tipus de control sobre el contingut d\u2019altres p\u00e0gines de la xarxa.<\/p>\n<p class=\"p1\">Aix\u00ed mateix, tampoc garanteix la disponibilitat t\u00e8cnica, exactitud, veracitat, validesa o legalitat de p\u00e0gines alienes a la seva propietat a les qual es pugui accedir a trav\u00e9s dels enlla\u00e7os d\u2019aquest web.<\/p>\n<p class=\"p1\"><b>FUNDACION PRIVADA LLARS COMPARTIDES,<\/b> declara que ha adoptat totes les mesures necess\u00e0ries per evitar qualsevol dany que pugui derivar-se de la navegaci\u00f3 per les seves p\u00e0gines web. En conseq\u00fc\u00e8ncia,<b> FUNDACION PRIVADA LLARS COMPARTIDES,<\/b> no es fa responsable, en cap cas, dels eventuals danys que pugui patir l\u2019<b>Usuari<\/b> a causa de la navegaci\u00f3 per Internet.<\/p>\n<p class=\"p1\"><b>FUNDACION PRIVADA LLARS COMPARTIDES,<\/b> no es responsabilitza dels danys o perjudicis de qualsevol tipus produ\u00efts en l&#8217;<b>Usuari<\/b> que portin causa d&#8217;errors o desconnexions a les xarxes de telecomunicacions que produeixin la suspensi\u00f3, cancel\u00b7laci\u00f3 o interrupci\u00f3 del servei de la web durant la prestaci\u00f3 del mateix o amb car\u00e0cter previ.<\/p>\n<p class=\"p1\">L&#8217;acc\u00e9s al web <b>www.llarscompartides.org<\/b> no implica l&#8217;obligaci\u00f3 per part de l&#8217;entitat de controlar l&#8217;abs\u00e8ncia de virus o qualsevol altre element inform\u00e0tic malici\u00f3s. Correspon a l&#8217;<b>Usuari<\/b>, en qualsevol cas, la disponibilitat d&#8217;eines adequades per a la detecci\u00f3, desinfecci\u00f3 i protecci\u00f3 contra programes inform\u00e0tics nocius.<\/p>\n<p class=\"p1\"><b>&nbsp;<\/b><\/p>\n<p class=\"p1\"><b>FUNDACION PRIVADA LLARS COMPARTIDES,<\/b> no es responsabilitza dels danys produ\u00efts en els equips inform\u00e0tics, documents i\/o fitxers dels <b>Usuaris<\/b> o de tercers durant la prestaci\u00f3 del servei en aquest el portal web.<\/p><p class=\"p1\"><br><\/p><p class=\"p1\"><br><\/p>\n<p class=\"p1\">\n<\/p><h5 class=\"p1\">2. <span class=\"s1\">PUBLICITAT<\/span><\/h5>\n<p class=\"p1\">El Web <b>www.llarscompartides.org<\/b> podr\u00e0 allotjar continguts publicitaris o patrocinats. Els anunciants o patrocinadors s\u00f3n els \u00fanics responsables d&#8217;assegurar que el material rem\u00e8s per a la seva inclusi\u00f3 a la Web compleix amb les lleis que en cada cas puguin ser d&#8217;aplicaci\u00f3.<\/p>\n<p class=\"p1\"><b>FUNDACION PRIVADA LLARS COMPARTIDES<\/b>, no ser\u00e0 responsable de qualsevol error, inexactitud o irregularitat que puguin contenir els continguts publicitaris o dels patrocinadors d\u2019aquesta p\u00e0gina web.<\/p>\n<p class=\"p1\">\n<\/p><h5 class=\"p1\">3. <span class=\"s1\">MODIFICACIONS<\/span><\/h5>\n<p class=\"p1\"><b>FUNDACION PRIVADA LLARS COMPARTIDES,<\/b> es reserva el dret a realitzar les modificacions que consideri oportunes, sense av\u00eds previ, en el contingut dels seus llocs web, tant pel que fa als continguts com per les seves condicions d\u2019\u00fas o per les condicions generals de contractaci\u00f3. Aquestes modificacions podran realitzar-se, a trav\u00e9s dels seus llocs web, de qualsevol forma admissible en dret i seran d\u2019obligat compliment durant el temps que estiguin publicades al web i fins que no siguin modificades per d\u2019altres de posteriors.<\/p><p class=\"p1\"><br><\/p><p class=\"p1\"><br><\/p>\n<p class=\"p1\">\n<\/p><h5 class=\"p1\">4.&nbsp;<span class=\"s1\">PROPIETAT INTEL\u00b7LECTUAL<\/span><\/h5>\n<p class=\"p1\">Els drets de propietat intel\u00b7lectual i industrial derivats de tots els textos, imatges, com tamb\u00e9 dels mitjans i formes de presentaci\u00f3 i muntatge de les seves p\u00e0gines pertanyen, per si mateixos o com a cession\u00e0ria a <b>FUNDACION PRIVADA LLARS COMPARTIDES. <\/b>Seran, per tant, obres protegides com a propietat intel\u00b7lectual per l\u2019ordenament jur\u00eddic espanyol i se\u2019ls hi podr\u00e0 aplicar tant la normativa espanyola i comunit\u00e0ria en aquest \u00e0mbit, com els tractats internacionals relatius a la mat\u00e8ria i subscrits per Espanya: Reial Decreto Legislatiu 1\/1996, darrera actualitzaci\u00f3 30\/03\/2023; Directiva-UE-2019\/790 del Parlament Europeu i del Consell, de 17 d\u2019abril de 2019, sobre els drets d\u2019autor i drets afins en el mercat \u00fanic digital.<\/p>\n<p class=\"p1\">Tots els drets reservats. En compliment de la Llei de la Propietat Intel\u00b7lectual es prohibeix expressament la reproducci\u00f3, distribuci\u00f3, comunicaci\u00f3 p\u00fablica i utilitzaci\u00f3 de la totalitat o part dels continguts de les seves p\u00e0gines web sense el consentiment expl\u00edcit de&nbsp;<b>FUNDACION PRIVADA LLARS COMPARTIDES.<\/b><\/p>\n<p class=\"p1\">Aix\u00ed mateix, <b>FUNDACION PRIVADA LLARS COMPARTIDES<\/b> es reserva la facultat de presentar les accions civils o penals que consideri oportunes per la utilitzaci\u00f3 indeguda de les seves p\u00e0gines web i continguts o per l\u2019incompliment d\u2019aquestes condicions.<\/p><p class=\"p1\"><br><\/p><p class=\"p1\"><br><\/p>\n<h5>&nbsp;<\/h5>\n<h5 class=\"p1\">5. <span class=\"s1\">ACCIONS LEGAL, LEGISLACI\u00d3 APLICABLE I JURISDICCI\u00d3<\/span><\/h5>\n<p class=\"p1\">La relaci\u00f3 entre l\u2019usuari i&nbsp;<b>FUNDACION PRIVADA LLARS COMPARTIDES,<\/b> es regir\u00e0 per la normativa espanyola vigent. Seran competents per decidir sobre qualsevol controv\u00e8rsia que pugui sorgir entre l\u2019usuari i <b>FUNDACION PRIVADA LLARS COMPARTIDES<\/b>, els jutjats o tribunals del Partit Judicial de la localitat de <b>BARCELONA.<\/b><\/p><p class=\"p1\"><b><br><\/b><\/p><p class=\"p1\"><b><br><\/b><\/p>\n<p class=\"p1\"><span class=\"s1\"><b>&nbsp;<\/b><\/span><\/p>\n<h5 class=\"p1\">6. <span class=\"s1\">RESERVA DE COOKIES<\/span><\/h5>\n<p class=\"p1\"><b>FUNDACION PRIVADA LLARS COMPARTIDES<\/b> utilitza cookies i altres tecnologies similars que emmagatzemen i recuperen informaci\u00f3 mentre navegues. Aquestes tecnologies poden tenir diverses finalitats, com recon\u00e8ixer un usuari i obtenir informaci\u00f3 dels seus h\u00e0bits de navegaci\u00f3. Els usos concrets que en fem d\u2019aquestes tecnologies es descriuen a la informaci\u00f3 que recull la Pol\u00edtica de Cookies.<\/p>\n<p class=\"p1\">Seguint la pol\u00edtica de protecci\u00f3 de dades de l\u2019entitat, <b>FUNDACION PRIVADA LLARS COMPARTIDES<\/b> informa que les cookies s\u2019associen a l\u2019usuari an\u00f2nim i al seu ordinador, i no proporcionen per s\u00ed mateixes dades personals de l\u2019usuari.<\/p>\n<p class=\"p1\">La informaci\u00f3 de la nostra \u2018Pol\u00edtica de Cookies\u2019 informa l\u2019usuari del temps que aquestes &nbsp;&nbsp;cookies romandran actives al seu terminal i de la possibilitat de qu\u00e8 tercers puguin accedir a la informaci\u00f3 que aquestes emmagatzemen. Per aix\u00f2 es va modificar l\u2019article 5, apartat 3, de la Directiva 2002\/58 per la Directiva 2009\/136, i ara per la Guia de l\u2019AEPD.<\/p>\n<p class=\"p1\">La darrera Guia sobre l\u2019\u00fas de cookies de l\u2019AEPD, de juliol de 2023, que incorpora el criteri del Comit\u00e8 Europeu en Protecci\u00f3 de Dades (CEPD), recull que les accions d\u2019acceptar o rebutjar les cookies han d\u2019estar al mateix nivell, sense que cap opci\u00f3 sigui m\u00e9s complicada que l\u2019altra. En aquest sentit, l\u2019usuari ha de poder acceptar o rebutjar de forma expl\u00edcita l\u2019\u00fas de les cookies i rebre m\u00e9s informaci\u00f3 sobre les mateixes. Addicionalment, l\u2019Usuari t\u00e9 la possibilitat de configurar el seu navegador perqu\u00e8 l\u2019informi de la recepci\u00f3 de cookies, podent, si aix\u00ed ho vol, impedir-ne la instal\u00b7laci\u00f3 al seu disc dur.<\/p><p class=\"p1\"><br><\/p><p class=\"p1\"><br><\/p>\n<h5 class=\"p1\">7. <span class=\"s1\">POL\u00cdTICA DE PRIVACITAT<\/span><\/h5>\n<p class=\"p1\">De conformitat amb el que estableix l\u2019RGPD-UE-2016\/679;<b> <\/b>l\u2019LOPD 3\/2018, de Garantia dels Drets Digitals; la Llei 34\/2002, amb la darrera actualitzaci\u00f3, 09\/05\/2023, de Serveis de la Societat de la Informaci\u00f3 i el Comer\u00e7 Electr\u00f2nic; i la Llei 11\/2022, General de Telecomunicacions, <b>FUNDACION PRIVADA LLARS COMPARTIDES<\/b> informa els usuaris dels seus llocs web que estem obligats a guardar secret professional sobre les dades personals que l\u2019entitat reculli mitjan\u00e7ant els formularis de registre o contacte de les seves p\u00e0gines. Aquesta obligaci\u00f3 es mantindr\u00e0 fins i tot despr\u00e9s d&#8217;haver finalitzat la nostra relaci\u00f3 comercial o contractual i en cap cas podrem fer p\u00fabliques les dades personals dels visitants i clients a la web sense el seu consentiment.<\/p>\n<p class=\"p1\"><b>Consentiment del menor:<\/b> Segons els articles 6.1.f i 8.1, de l\u2019RGPD-UE-2016\/679, i de l\u2019article 84 (protecci\u00f3 dels menors a Internet) de l\u2019LOPD-3\/2018, de Garantia dels Drets Digitals, quan l\u2019interessat sigui un menor de 16 anys no podr\u00e0 donar el seu consentiment per a qu\u00e8 un comer\u00e7 online reculli les seves dades personals. Aquest tipus de tractament nom\u00e9s es considerar\u00e0 l\u00edcit si el consentiment el d\u00f3na o ho autoritza el titular o titulars de la p\u00e0tria potestat o tutela del menor. En aquest sentit, el comer\u00e7 ha de disposar dels mitjans per a obtenir el consentiment expl\u00edcit dels pares o tutors, per exemple, mitjan\u00e7ant un missatge de correu electr\u00f2nic adre\u00e7at a algun d\u2019ells que contingui un enlla\u00e7 a un formulari electr\u00f2nic, llevat que el menor hagi fet ja els 16 anys, que s\u00ed seria l\u00edcit el seu consentiment.<\/p>\n<p class=\"p1\"><b>Consentiment de l\u2019interessat:<\/b> D\u2019acord amb el que estableix la Llei 34\/2002, de Serveis de la Societat de la Informaci\u00f3 i el Comer\u00e7 Electr\u00f2nic en el seu article 21, i el Reglament General de Protecci\u00f3 de Dades UE-2016\/679, articles 5, 6, 7 i 13, demanem el seu consentiment per poder realitzar les comunicacions publicit\u00e0ries o informatives sobre la nostra entitat que considerem puguin ser del seu inter\u00e8s, per correu electr\u00f2nic o per qualsevol altre mitj\u00e0 de comunicaci\u00f3 electr\u00f2nica equivalent. Aquest consentiment l\u2019atorgar\u00e0 o no amb l\u2019acceptaci\u00f3 de la Pol\u00edtica de Privacitat en l\u2019esmentat <b>check box<\/b> al peu del formulari de registre i\/o de contacte.<\/p>\n<p class=\"p1\">Aquestes dades seran introdu\u00efdes en un fitxer automatitzat sota la responsabilitat de l\u2019administrador de la web de&nbsp;<b>FUNDACION PRIVADA LLARS COMPARTIDES<\/b>, amb la finalitat de poder facilitar, agilitzar i complir els compromisos establerts entre ambdues parts. Aix\u00ed mateix,&nbsp;<b>FUNDACION PRIVADA LLARS COMPARTIDES<\/b>, informa de la possibilitat d\u2019exercir els drets <b>d\u2019acc\u00e9s<\/b>, que permet a l&#8217;usuari web con\u00e8ixer quines dades personals t\u00e9 l&#8217;administrador d&#8217;aquesta p\u00e0gina i obtenir una resposta en un termini de 30 dies, sempre que en conservi les dades personals; <b>rectificaci\u00f3<\/b>, que permet corregir errors en les dades personals, modificar-ne les dades que siguin inexactes o incompletes i garantir la certesa de la informaci\u00f3; <b>oposici\u00f3,<\/b> que podr\u00e0 sol\u00b7licitar i aconseguir que no es dugui a terme el tractament de dades; <b>supressi\u00f3,<\/b> que permet que se suprimeixin les dades inadequades o excessives; <b>limitaci\u00f3<\/b>, pel qual pot sol\u00b7licitar que es limiti el tractament de les seves dades quan hagi exercit el seu dret a la rectificaci\u00f3 de les seves dades personals; i <b>portabilitat<\/b>, perqu\u00e8 l&#8217;usuari pugui obtenir una c\u00f2pia de les dades personals que hagi facilitat a la web a fi de poder transmetre-les a altres serveis. Aquests drets es podran exercir per qualsevol mitj\u00e0 que deixi const\u00e0ncia del seu enviament i de la seva recepci\u00f3 a l\u2019adre\u00e7a de l\u2019administrador de la p\u00e0gina o al correu electr\u00f2nic <span class=\"s1\"><b>comunicacio@llarscompartides.org<\/b><\/span>, aportant fotoc\u00f2pia del DNI o documentaci\u00f3 alternativa que n\u2019acrediti la identitat. L\u2019interessat t\u00e9 el dret de presentar reclamacions davant l\u2019Autoritat de Control, AEPD, ACPD i AVPD.<\/p>\n<p class=\"p1\">L&#8217;enviament de les seves dades mitjan\u00e7ant el\/els formulari\/s de la nostra web, estar\u00e0 supeditat obligat\u00f2riament al fet que hagi llegit\/acceptat la Pol\u00edtica de Privacitat, mitjan\u00e7ant un check box obligatori a peu del formulari de registre o de contacte.<\/p>\n<p class=\"p1\">Aquestes cl\u00e0usules han estat elaborades per <a href=\"http:\/\/www.grupoqualia.net\/es\/inicio\"><span class=\"s1\"><b>GRUP QUALIA<\/b><\/span><\/a>, motiu pel qual se li atorga un certificat en format d\u2019imatge digital perqu\u00e8 el pugui exposar al seu lloc web.<\/p>\n<p class=\"p1\"><span class=\"s1\"><b>Actualitzades: 16\/05\/2025.<\/b><\/span><\/p>\t\t\t\t\t\t\t\t<\/div>\n\t\t\t\t<\/div>\n\t\t\t\t<div class=\"elementor-element elementor-element-ad985ee elementor-widget elementor-widget-image\" data-id=\"ad985ee\" data-element_type=\"widget\" data-e-type=\"widget\" data-widget_type=\"image.default\">\n\t\t\t\t<div class=\"elementor-widget-container\">\n\t\t\t\t\t\t\t\t\t\t\t\t\t\t\t<img decoding=\"async\" width=\"128\" height=\"128\" src=\"https:\/\/llarscompartides.org\/wp-content\/uploads\/2024\/05\/12-sello_lssi.png\" class=\"attachment-large size-large wp-image-2568\" alt=\"\" \/>\t\t\t\t\t\t\t\t\t\t\t\t\t\t\t<\/div>\n\t\t\t\t<\/div>\n\t\t\t\t\t<\/div>\n\t\t<\/div>\n\t\t\t\t\t<\/div>\n\t\t<\/section>\n\t\t\t\t<\/div>\n\t\t","protected":false},"excerpt":{"rendered":"<p>Llars Compartides Pol\u00edtica de privacitat 1.POL\u00cdTICA D\u2019ENLLA\u00c7OS I EXEMPCIONS DE RESPONSABILITAT La p\u00e0gina web s\u2019ha elaborat utilitzant les solucions tecnol\u00f2giques de Google Ireland Limited. FUNDACION PRIVADA LLARS COMPARTIDES no es fa responsable del contingut de les p\u00e0gines web a les quals pugui accedir l\u2019Usuari a&#8230;<\/p>\n","protected":false},"author":2,"featured_media":0,"parent":0,"menu_order":8,"comment_status":"closed","ping_status":"closed","template":"elementor_header_footer","meta":{"footnotes":""},"class_list":["post-1807","page","type-page","status-publish","hentry"],"yoast_head":"<!-- This site is optimized with the Yoast SEO plugin v27.5 - https:\/\/yoast.com\/product\/yoast-seo-wordpress\/ -->\n<title>Pol\u00edtica de privacitat - FLLC<\/title>\n<meta name=\"robots\" content=\"index, follow, max-snippet:-1, max-image-preview:large, max-video-preview:-1\" \/>\n<link rel=\"canonical\" href=\"https:\/\/llarscompartides.org\/es\/politica-privacitat\/\" \/>\n<meta property=\"og:locale\" content=\"es_ES\" \/>\n<meta property=\"og:type\" content=\"article\" \/>\n<meta property=\"og:title\" content=\"Pol\u00edtica de privacitat - FLLC\" \/>\n<meta property=\"og:description\" content=\"Llars Compartides Pol\u00edtica de privacitat 1.POL\u00cdTICA D\u2019ENLLA\u00c7OS I EXEMPCIONS DE RESPONSABILITAT La p\u00e0gina web s\u2019ha elaborat utilitzant les solucions tecnol\u00f2giques de Google Ireland Limited. FUNDACION PRIVADA LLARS COMPARTIDES no es fa responsable del contingut de les p\u00e0gines web a les quals pugui accedir l\u2019Usuari a...\" \/>\n<meta property=\"og:url\" content=\"https:\/\/llarscompartides.org\/es\/politica-privacitat\/\" \/>\n<meta property=\"og:site_name\" content=\"FLLC\" \/>\n<meta property=\"article:modified_time\" content=\"2025-06-16T09:20:34+00:00\" \/>\n<meta property=\"og:image\" content=\"https:\/\/llarscompartides.org\/wp-content\/uploads\/2024\/05\/12-sello_lssi.png\" \/>\n\t<meta property=\"og:image:width\" content=\"128\" \/>\n\t<meta property=\"og:image:height\" content=\"128\" \/>\n\t<meta property=\"og:image:type\" content=\"image\/png\" \/>\n<meta name=\"twitter:card\" content=\"summary_large_image\" \/>\n<meta name=\"twitter:site\" content=\"@LlarsCompartids\" \/>\n<meta name=\"twitter:label1\" content=\"Tiempo de lectura\" \/>\n\t<meta name=\"twitter:data1\" content=\"8 minutos\" \/>\n<script type=\"application\/ld+json\" class=\"yoast-schema-graph\">{\"@context\":\"https:\\\/\\\/schema.org\",\"@graph\":[{\"@type\":\"WebPage\",\"@id\":\"https:\\\/\\\/llarscompartides.org\\\/es\\\/politica-privacitat\\\/\",\"url\":\"https:\\\/\\\/llarscompartides.org\\\/es\\\/politica-privacitat\\\/\",\"name\":\"Pol\u00edtica de privacitat - FLLC\",\"isPartOf\":{\"@id\":\"https:\\\/\\\/llarscompartides.org\\\/es\\\/#website\"},\"primaryImageOfPage\":{\"@id\":\"https:\\\/\\\/llarscompartides.org\\\/es\\\/politica-privacitat\\\/#primaryimage\"},\"image\":{\"@id\":\"https:\\\/\\\/llarscompartides.org\\\/es\\\/politica-privacitat\\\/#primaryimage\"},\"thumbnailUrl\":\"https:\\\/\\\/llarscompartides.org\\\/wp-content\\\/uploads\\\/2024\\\/05\\\/12-sello_lssi.png\",\"datePublished\":\"2019-09-30T08:46:48+00:00\",\"dateModified\":\"2025-06-16T09:20:34+00:00\",\"breadcrumb\":{\"@id\":\"https:\\\/\\\/llarscompartides.org\\\/es\\\/politica-privacitat\\\/#breadcrumb\"},\"inLanguage\":\"es\",\"potentialAction\":[{\"@type\":\"ReadAction\",\"target\":[\"https:\\\/\\\/llarscompartides.org\\\/es\\\/politica-privacitat\\\/\"]}]},{\"@type\":\"ImageObject\",\"inLanguage\":\"es\",\"@id\":\"https:\\\/\\\/llarscompartides.org\\\/es\\\/politica-privacitat\\\/#primaryimage\",\"url\":\"https:\\\/\\\/llarscompartides.org\\\/wp-content\\\/uploads\\\/2024\\\/05\\\/12-sello_lssi.png\",\"contentUrl\":\"https:\\\/\\\/llarscompartides.org\\\/wp-content\\\/uploads\\\/2024\\\/05\\\/12-sello_lssi.png\"},{\"@type\":\"BreadcrumbList\",\"@id\":\"https:\\\/\\\/llarscompartides.org\\\/es\\\/politica-privacitat\\\/#breadcrumb\",\"itemListElement\":[{\"@type\":\"ListItem\",\"position\":1,\"name\":\"Home\",\"item\":\"https:\\\/\\\/llarscompartides.org\\\/es\\\/inicio-nueva\\\/\"},{\"@type\":\"ListItem\",\"position\":2,\"name\":\"Pol\u00edtica de privacitat\"}]},{\"@type\":\"WebSite\",\"@id\":\"https:\\\/\\\/llarscompartides.org\\\/es\\\/#website\",\"url\":\"https:\\\/\\\/llarscompartides.org\\\/es\\\/\",\"name\":\"llarscompartides.com\",\"description\":\"Fundaci\u00f3 llars compartides\",\"publisher\":{\"@id\":\"https:\\\/\\\/llarscompartides.org\\\/es\\\/#organization\"},\"potentialAction\":[{\"@type\":\"SearchAction\",\"target\":{\"@type\":\"EntryPoint\",\"urlTemplate\":\"https:\\\/\\\/llarscompartides.org\\\/es\\\/?s={search_term_string}\"},\"query-input\":{\"@type\":\"PropertyValueSpecification\",\"valueRequired\":true,\"valueName\":\"search_term_string\"}}],\"inLanguage\":\"es\"},{\"@type\":\"Organization\",\"@id\":\"https:\\\/\\\/llarscompartides.org\\\/es\\\/#organization\",\"name\":\"Fundaci\u00f3 Llars Compartides\",\"url\":\"https:\\\/\\\/llarscompartides.org\\\/es\\\/\",\"logo\":{\"@type\":\"ImageObject\",\"inLanguage\":\"es\",\"@id\":\"https:\\\/\\\/llarscompartides.org\\\/es\\\/#\\\/schema\\\/logo\\\/image\\\/\",\"url\":\"https:\\\/\\\/llarscompartides.org\\\/wp-content\\\/uploads\\\/2023\\\/06\\\/logo-llars-compartides-001.jpg\",\"contentUrl\":\"https:\\\/\\\/llarscompartides.org\\\/wp-content\\\/uploads\\\/2023\\\/06\\\/logo-llars-compartides-001.jpg\",\"width\":1684,\"height\":1191,\"caption\":\"Fundaci\u00f3 Llars Compartides\"},\"image\":{\"@id\":\"https:\\\/\\\/llarscompartides.org\\\/es\\\/#\\\/schema\\\/logo\\\/image\\\/\"},\"sameAs\":[\"https:\\\/\\\/x.com\\\/LlarsCompartids\",\"https:\\\/\\\/www.linkedin.com\\\/in\\\/fundaci-privada-llars-compartides-930216a6\\\/\"]}]}<\/script>\n<!-- \/ Yoast SEO plugin. -->","yoast_head_json":{"title":"Pol\u00edtica de privacitat - FLLC","robots":{"index":"index","follow":"follow","max-snippet":"max-snippet:-1","max-image-preview":"max-image-preview:large","max-video-preview":"max-video-preview:-1"},"canonical":"https:\/\/llarscompartides.org\/es\/politica-privacitat\/","og_locale":"es_ES","og_type":"article","og_title":"Pol\u00edtica de privacitat - FLLC","og_description":"Llars Compartides Pol\u00edtica de privacitat 1.POL\u00cdTICA D\u2019ENLLA\u00c7OS I EXEMPCIONS DE RESPONSABILITAT La p\u00e0gina web s\u2019ha elaborat utilitzant les solucions tecnol\u00f2giques de Google Ireland Limited. FUNDACION PRIVADA LLARS COMPARTIDES no es fa responsable del contingut de les p\u00e0gines web a les quals pugui accedir l\u2019Usuari a...","og_url":"https:\/\/llarscompartides.org\/es\/politica-privacitat\/","og_site_name":"FLLC","article_modified_time":"2025-06-16T09:20:34+00:00","og_image":[{"width":128,"height":128,"url":"https:\/\/llarscompartides.org\/wp-content\/uploads\/2024\/05\/12-sello_lssi.png","type":"image\/png"}],"twitter_card":"summary_large_image","twitter_site":"@LlarsCompartids","twitter_misc":{"Tiempo de lectura":"8 minutos"},"schema":{"@context":"https:\/\/schema.org","@graph":[{"@type":"WebPage","@id":"https:\/\/llarscompartides.org\/es\/politica-privacitat\/","url":"https:\/\/llarscompartides.org\/es\/politica-privacitat\/","name":"Pol\u00edtica de privacitat - FLLC","isPartOf":{"@id":"https:\/\/llarscompartides.org\/es\/#website"},"primaryImageOfPage":{"@id":"https:\/\/llarscompartides.org\/es\/politica-privacitat\/#primaryimage"},"image":{"@id":"https:\/\/llarscompartides.org\/es\/politica-privacitat\/#primaryimage"},"thumbnailUrl":"https:\/\/llarscompartides.org\/wp-content\/uploads\/2024\/05\/12-sello_lssi.png","datePublished":"2019-09-30T08:46:48+00:00","dateModified":"2025-06-16T09:20:34+00:00","breadcrumb":{"@id":"https:\/\/llarscompartides.org\/es\/politica-privacitat\/#breadcrumb"},"inLanguage":"es","potentialAction":[{"@type":"ReadAction","target":["https:\/\/llarscompartides.org\/es\/politica-privacitat\/"]}]},{"@type":"ImageObject","inLanguage":"es","@id":"https:\/\/llarscompartides.org\/es\/politica-privacitat\/#primaryimage","url":"https:\/\/llarscompartides.org\/wp-content\/uploads\/2024\/05\/12-sello_lssi.png","contentUrl":"https:\/\/llarscompartides.org\/wp-content\/uploads\/2024\/05\/12-sello_lssi.png"},{"@type":"BreadcrumbList","@id":"https:\/\/llarscompartides.org\/es\/politica-privacitat\/#breadcrumb","itemListElement":[{"@type":"ListItem","position":1,"name":"Home","item":"https:\/\/llarscompartides.org\/es\/inicio-nueva\/"},{"@type":"ListItem","position":2,"name":"Pol\u00edtica de privacitat"}]},{"@type":"WebSite","@id":"https:\/\/llarscompartides.org\/es\/#website","url":"https:\/\/llarscompartides.org\/es\/","name":"llarscompartides.com","description":"Fundaci\u00f3 llars compartides","publisher":{"@id":"https:\/\/llarscompartides.org\/es\/#organization"},"potentialAction":[{"@type":"SearchAction","target":{"@type":"EntryPoint","urlTemplate":"https:\/\/llarscompartides.org\/es\/?s={search_term_string}"},"query-input":{"@type":"PropertyValueSpecification","valueRequired":true,"valueName":"search_term_string"}}],"inLanguage":"es"},{"@type":"Organization","@id":"https:\/\/llarscompartides.org\/es\/#organization","name":"Fundaci\u00f3 Llars Compartides","url":"https:\/\/llarscompartides.org\/es\/","logo":{"@type":"ImageObject","inLanguage":"es","@id":"https:\/\/llarscompartides.org\/es\/#\/schema\/logo\/image\/","url":"https:\/\/llarscompartides.org\/wp-content\/uploads\/2023\/06\/logo-llars-compartides-001.jpg","contentUrl":"https:\/\/llarscompartides.org\/wp-content\/uploads\/2023\/06\/logo-llars-compartides-001.jpg","width":1684,"height":1191,"caption":"Fundaci\u00f3 Llars Compartides"},"image":{"@id":"https:\/\/llarscompartides.org\/es\/#\/schema\/logo\/image\/"},"sameAs":["https:\/\/x.com\/LlarsCompartids","https:\/\/www.linkedin.com\/in\/fundaci-privada-llars-compartides-930216a6\/"]}]}},"_links":{"self":[{"href":"https:\/\/llarscompartides.org\/es\/wp-json\/wp\/v2\/pages\/1807","targetHints":{"allow":["GET"]}}],"collection":[{"href":"https:\/\/llarscompartides.org\/es\/wp-json\/wp\/v2\/pages"}],"about":[{"href":"https:\/\/llarscompartides.org\/es\/wp-json\/wp\/v2\/types\/page"}],"author":[{"embeddable":true,"href":"https:\/\/llarscompartides.org\/es\/wp-json\/wp\/v2\/users\/2"}],"replies":[{"embeddable":true,"href":"https:\/\/llarscompartides.org\/es\/wp-json\/wp\/v2\/comments?post=1807"}],"version-history":[{"count":39,"href":"https:\/\/llarscompartides.org\/es\/wp-json\/wp\/v2\/pages\/1807\/revisions"}],"predecessor-version":[{"id":3077,"href":"https:\/\/llarscompartides.org\/es\/wp-json\/wp\/v2\/pages\/1807\/revisions\/3077"}],"wp:attachment":[{"href":"https:\/\/llarscompartides.org\/es\/wp-json\/wp\/v2\/media?parent=1807"}],"curies":[{"name":"wp","href":"https:\/\/api.w.org\/{rel}","templated":true}]}}