{"version":"1.0","provider_name":"FLLC","provider_url":"https:\/\/llarscompartides.org\/es\/","title":"Aislamiento t\u00e9rmico de la fachada de Llars Horitz\u00f3 - FLLC","type":"rich","width":600,"height":338,"html":"<blockquote class=\"wp-embedded-content\" data-secret=\"B63UmrOyMV\"><a href=\"https:\/\/llarscompartides.org\/es\/aislamiento-termico-de-la-fachada-de-llars-horitzo\/\">Aislamiento t\u00e9rmico de la fachada de Llars Horitz\u00f3<\/a><\/blockquote><iframe sandbox=\"allow-scripts\" security=\"restricted\" src=\"https:\/\/llarscompartides.org\/es\/aislamiento-termico-de-la-fachada-de-llars-horitzo\/embed\/#?secret=B63UmrOyMV\" width=\"600\" height=\"338\" title=\"\u00abAislamiento t\u00e9rmico de la fachada de Llars Horitz\u00f3\u00bb \u2014 FLLC\" data-secret=\"B63UmrOyMV\" frameborder=\"0\" marginwidth=\"0\" marginheight=\"0\" scrolling=\"no\" class=\"wp-embedded-content\"><\/iframe><script type=\"text\/javascript\">\n\/* <![CDATA[ *\/\n\/*! This file is auto-generated *\/\n!function(d,l){\"use strict\";l.querySelector&&d.addEventListener&&\"undefined\"!=typeof URL&&(d.wp=d.wp||{},d.wp.receiveEmbedMessage||(d.wp.receiveEmbedMessage=function(e){var t=e.data;if((t||t.secret||t.message||t.value)&&!\/[^a-zA-Z0-9]\/.test(t.secret)){for(var s,r,n,a=l.querySelectorAll('iframe[data-secret=\"'+t.secret+'\"]'),o=l.querySelectorAll('blockquote[data-secret=\"'+t.secret+'\"]'),c=new RegExp(\"^https?:$\",\"i\"),i=0;i<o.length;i++)o[i].style.display=\"none\";for(i=0;i<a.length;i++)s=a[i],e.source===s.contentWindow&&(s.removeAttribute(\"style\"),\"height\"===t.message?(1e3<(r=parseInt(t.value,10))?r=1e3:~~r<200&&(r=200),s.height=r):\"link\"===t.message&&(r=new URL(s.getAttribute(\"src\")),n=new URL(t.value),c.test(n.protocol))&&n.host===r.host&&l.activeElement===s&&(d.top.location.href=t.value))}},d.addEventListener(\"message\",d.wp.receiveEmbedMessage,!1),l.addEventListener(\"DOMContentLoaded\",function(){for(var e,t,s=l.querySelectorAll(\"iframe.wp-embedded-content\"),r=0;r<s.length;r++)(t=(e=s[r]).getAttribute(\"data-secret\"))||(t=Math.random().toString(36).substring(2,12),e.src+=\"#?secret=\"+t,e.setAttribute(\"data-secret\",t)),e.contentWindow.postMessage({message:\"ready\",secret:t},\"*\")},!1)))}(window,document);\n\/\/# sourceURL=https:\/\/llarscompartides.org\/wp-includes\/js\/wp-embed.min.js\n\/* ]]> *\/\n<\/script>\n","thumbnail_url":"https:\/\/llarscompartides.org\/wp-content\/uploads\/2024\/05\/IMG_4550-copia.jpg","thumbnail_width":1134,"thumbnail_height":2016,"description":"Gracias a la colaboraci\u00f3n de la empresa Thermabead y la Fundaci\u00f3n Naturgy, hemos podido aislar las fachadas del equipamiento Llars Horitz\u00f3 de Badalona, y conseguir un espacio m\u00e1s confortable para las 17 personas mayores que conviven, a la vez que evitar las filtraciones de fr\u00edo..."}